{"id":7833,"date":"2025-10-27T10:49:51","date_gmt":"2025-10-27T08:49:51","guid":{"rendered":"https:\/\/ac.upt.ro\/?post_type=ac-evenimente&#038;p=7833"},"modified":"2025-10-27T11:10:55","modified_gmt":"2025-10-27T09:10:55","slug":"zilele-carierei-editia-a-xxvii-a","status":"publish","type":"ac-evenimente","link":"https:\/\/ac.upt.ro\/en\/evenimente\/zilele-carierei-editia-a-xxvii-a\/","title":{"rendered":"Zilele Carierei, edi\u021bia a XXVII-a"},"content":{"rendered":"<p>Universitatea Politehnica Timi\u0219oara, prin Centrul de Consiliere \u0219i Orientare \u00een Carier\u0103 (CCOC), \u00eei invit\u0103 pe studen\u021bi \u0219i absolven\u021bi s\u0103 participe la cea de-a XXVII-a edi\u021bie a evenimentului\u00a0<em>Zilele Carierei<\/em>\u00a0\u2013 cel mai mare t\u00e2rg universitar de locuri de munc\u0103 din vestul \u021b\u0103rii. Evenimentul se va desf\u0103\u0219ura \u00een 29 \u0219i 30 octombrie 2025, \u00een Cantina UPT din Complexul Studen\u021besc Timi\u0219oara, \u0219i va reuni peste 40 de companii, ONG-uri \u0219i institu\u021bii publice.<\/p>\n<p><em>Zilele Carierei<\/em> ofer\u0103 studen\u021bilor \u0219i absolven\u021bilor oportunitatea de a interac\u021biona direct cu reprezentan\u021bi ai unor organiza\u021bii de prestigiu, pentru care sunt forma\u021bi \u00een cadrul Universit\u0103\u021bii Politehnica Timi\u0219oara. Pe parcursul celor dou\u0103 zile, participan\u021bii vor putea explora oferte de practic\u0103 \u0219i angajare, vor adresa \u00eentreb\u0103ri \u0219i vor afla informa\u021bii valoroase despre mediul profesional al partenerilor prezen\u021bi.<\/p>\n<p>Evenimentul va debuta miercuri, 29 octombrie 2025, la ora 10:00, cu deschiderea oficial\u0103, urm\u00e2nd s\u0103 se desf\u0103\u0219oare \u00een intervalul orar 10:00 &#8211; 17:00 pe parcursul ambelor zile.<\/p>\n<p>Printre expozan\u021bii confirma\u021bi se num\u0103r\u0103 companii de renume precum Hidroelectrica, Linde Gaz, Nokia, BRD, Continental, Newpharma Development, Forvia Hella, ING, Flextronics, The Access Group, Yazaki, Honeywell, Haufe \u0219i Draexlmaier, parteneri strategici ai universit\u0103\u021bii. De asemenea, va fi prezent\u0103 \u0219i Agen\u021bia Jude\u021bean\u0103 de Ocupare a For\u021bei de Munc\u0103.<\/p>\n<p>Zilele Carierei \u00eenseamn\u0103 mai mult dec\u00e2t un simplu t\u00e2rg de joburi \u2013 este locul unde mediul academic \u00eent\u00e2lne\u0219te mediul profesional, oferindu-le tinerilor o perspectiv\u0103 autentic\u0103 asupra parcursului lor profesional. Pentru informa\u021bii actualizate despre expozan\u021bi \u0219i program, v\u0103 invit\u0103m s\u0103 ne urm\u0103ri\u021bi pe:<\/p>\n<p>&#8211; Facebook: https:\/\/www.facebook.com\/ZileleCariereiUPT\/<\/p>\n<p>&#8211; Instagram: https:\/\/www.instagram.com\/ccocupt\/<\/p>\n<p>&#8211; LinkedIn: https:\/\/www.linkedin.com\/in\/ccoc-upt\/<\/p>\n<p>&#8211; Site-ul evenimentului: https:\/\/www.zilelecarierei.upt.ro\/<\/p>\n<p>V\u0103 a\u0219tept\u0103m s\u0103 descoperi\u021bi viitoarea carier\u0103 la Zilele Carierei 2025!<\/p>\n","protected":false},"excerpt":{"rendered":"<p>Universitatea Politehnica Timi\u0219oara, prin Centrul de Consiliere \u0219i Orientare \u00een Carier\u0103 (CCOC), \u00eei invit\u0103 pe studen\u021bi \u0219i absolven\u021bi s\u0103 participe [&hellip;]<\/p>\n","protected":false},"featured_media":0,"template":"","class_list":["post-7833","ac-evenimente","type-ac-evenimente","status-publish","hentry"],"acf":[],"yoast_head":"<!-- This site is optimized with the Yoast SEO plugin v25.3.1 - https:\/\/yoast.com\/wordpress\/plugins\/seo\/ -->\n<title>Zilele Carierei, edi\u021bia a XXVII-a - Facultatea de Automatic\u0103 \u0219i Calculatoare - Timi\u0219oara<\/title>\n<meta name=\"robots\" content=\"index, follow, max-snippet:-1, max-image-preview:large, max-video-preview:-1\" \/>\n<link rel=\"canonical\" href=\"https:\/\/ac.upt.ro\/en\/evenimente\/zilele-carierei-editia-a-xxvii-a\/\" \/>\n<meta property=\"og:locale\" content=\"en_GB\" \/>\n<meta property=\"og:locale:alternate\" content=\"ro_RO\" \/>\n<meta property=\"og:type\" content=\"article\" \/>\n<meta property=\"og:title\" content=\"Zilele Carierei, edi\u021bia a XXVII-a\" \/>\n<meta property=\"og:description\" content=\"Universitatea Politehnica Timi\u0219oara, prin Centrul de Consiliere \u0219i Orientare \u00een Carier\u0103 (CCOC), \u00eei invit\u0103 pe studen\u021bi \u0219i absolven\u021bi s\u0103 participe [&hellip;]\" \/>\n<meta property=\"og:url\" content=\"https:\/\/ac.upt.ro\/en\/evenimente\/zilele-carierei-editia-a-xxvii-a\/\" \/>\n<meta property=\"og:site_name\" content=\"Facultatea de Automatic\u0103 \u0219i Calculatoare - Timi\u0219oara\" \/>\n<meta property=\"article:modified_time\" content=\"2025-10-27T09:10:55+00:00\" \/>\n<meta name=\"twitter:card\" content=\"summary_large_image\" \/>\n<meta name=\"twitter:label1\" content=\"Estimated reading time\" \/>\n\t<meta name=\"twitter:data1\" content=\"2 minutes\" \/>\n<script type=\"application\/ld+json\" class=\"yoast-schema-graph\">{\"@context\":\"https:\/\/schema.org\",\"@graph\":[{\"@type\":\"WebPage\",\"@id\":\"https:\/\/ac.upt.ro\/evenimente\/zilele-carierei-editia-a-xxvii-a\/\",\"url\":\"https:\/\/ac.upt.ro\/evenimente\/zilele-carierei-editia-a-xxvii-a\/\",\"name\":\"Zilele Carierei, edi\u021bia a XXVII-a\",\"isPartOf\":{\"@id\":\"https:\/\/ac.upt.ro\/#website\"},\"datePublished\":\"2025-10-27T08:49:51+00:00\",\"dateModified\":\"2025-10-27T09:10:55+00:00\",\"breadcrumb\":{\"@id\":\"https:\/\/ac.upt.ro\/evenimente\/zilele-carierei-editia-a-xxvii-a\/#breadcrumb\"},\"inLanguage\":\"en-GB\",\"potentialAction\":[{\"@type\":\"ReadAction\",\"target\":[\"https:\/\/ac.upt.ro\/evenimente\/zilele-carierei-editia-a-xxvii-a\/\"]}]},{\"@type\":\"BreadcrumbList\",\"@id\":\"https:\/\/ac.upt.ro\/evenimente\/zilele-carierei-editia-a-xxvii-a\/#breadcrumb\",\"itemListElement\":[{\"@type\":\"ListItem\",\"position\":1,\"name\":\"Home\",\"item\":\"https:\/\/ac.upt.ro\/\"},{\"@type\":\"ListItem\",\"position\":2,\"name\":\"Evenimente\",\"item\":\"https:\/\/ac.upt.ro\/evenimente\/\"},{\"@type\":\"ListItem\",\"position\":3,\"name\":\"Zilele Carierei, edi\u021bia a XXVII-a\"}]},{\"@type\":\"WebSite\",\"@id\":\"https:\/\/ac.upt.ro\/#website\",\"url\":\"https:\/\/ac.upt.ro\/\",\"name\":\"Facultatea de Automatic\u0103 \u0219i Calculatoare - Timi\u0219oara\",\"description\":\"Preg\u0103tirea inginerilor IT cu \u00eenalt\u0103 calificare, cu cuno\u0219tin\u021be \u0219i abilit\u0103\u021bi de automatic\u0103, software \u0219i hardware.\",\"publisher\":{\"@id\":\"https:\/\/ac.upt.ro\/#organization\"},\"potentialAction\":[{\"@type\":\"SearchAction\",\"target\":{\"@type\":\"EntryPoint\",\"urlTemplate\":\"https:\/\/ac.upt.ro\/?s={search_term_string}\"},\"query-input\":{\"@type\":\"PropertyValueSpecification\",\"valueRequired\":true,\"valueName\":\"search_term_string\"}}],\"inLanguage\":\"en-GB\"},{\"@type\":\"Organization\",\"@id\":\"https:\/\/ac.upt.ro\/#organization\",\"name\":\"Facultatea de Automatic\u0103 \u0219i Calculatoare\",\"url\":\"https:\/\/ac.upt.ro\/\",\"logo\":{\"@type\":\"ImageObject\",\"inLanguage\":\"en-GB\",\"@id\":\"https:\/\/ac.upt.ro\/#\/schema\/logo\/image\/\",\"url\":\"https:\/\/ac.upt.ro\/wp-content\/uploads\/2021\/02\/AC-Text.png\",\"contentUrl\":\"https:\/\/ac.upt.ro\/wp-content\/uploads\/2021\/02\/AC-Text.png\",\"width\":400,\"height\":98,\"caption\":\"Facultatea de Automatic\u0103 \u0219i Calculatoare\"},\"image\":{\"@id\":\"https:\/\/ac.upt.ro\/#\/schema\/logo\/image\/\"}}]}<\/script>\n<!-- \/ Yoast SEO plugin. -->","yoast_head_json":{"title":"Zilele Carierei, edi\u021bia a XXVII-a - Facultatea de Automatic\u0103 \u0219i Calculatoare - Timi\u0219oara","robots":{"index":"index","follow":"follow","max-snippet":"max-snippet:-1","max-image-preview":"max-image-preview:large","max-video-preview":"max-video-preview:-1"},"canonical":"https:\/\/ac.upt.ro\/en\/evenimente\/zilele-carierei-editia-a-xxvii-a\/","og_locale":"en_GB","og_type":"article","og_title":"[:ro]Zilele Carierei, edi\u021bia a XXVII-a[:] - Facultatea de Automatic\u0103 \u0219i Calculatoare - Timi\u0219oara","og_description":"Universitatea Politehnica Timi\u0219oara, prin Centrul de Consiliere \u0219i Orientare \u00een Carier\u0103 (CCOC), \u00eei invit\u0103 pe studen\u021bi \u0219i absolven\u021bi s\u0103 participe [&hellip;]","og_url":"https:\/\/ac.upt.ro\/en\/evenimente\/zilele-carierei-editia-a-xxvii-a\/","og_site_name":"Facultatea de Automatic\u0103 \u0219i Calculatoare - Timi\u0219oara","article_modified_time":"2025-10-27T09:10:55+00:00","twitter_card":"summary_large_image","twitter_misc":{"Estimated reading time":"2 minutes"},"schema":{"@context":"https:\/\/schema.org","@graph":[{"@type":"WebPage","@id":"https:\/\/ac.upt.ro\/evenimente\/zilele-carierei-editia-a-xxvii-a\/","url":"https:\/\/ac.upt.ro\/evenimente\/zilele-carierei-editia-a-xxvii-a\/","name":"Zilele Carierei, edi\u021bia a XXVII-a","isPartOf":{"@id":"https:\/\/ac.upt.ro\/#website"},"datePublished":"2025-10-27T08:49:51+00:00","dateModified":"2025-10-27T09:10:55+00:00","breadcrumb":{"@id":"https:\/\/ac.upt.ro\/evenimente\/zilele-carierei-editia-a-xxvii-a\/#breadcrumb"},"inLanguage":"en-GB","potentialAction":[{"@type":"ReadAction","target":["https:\/\/ac.upt.ro\/evenimente\/zilele-carierei-editia-a-xxvii-a\/"]}]},{"@type":"BreadcrumbList","@id":"https:\/\/ac.upt.ro\/evenimente\/zilele-carierei-editia-a-xxvii-a\/#breadcrumb","itemListElement":[{"@type":"ListItem","position":1,"name":"Home","item":"https:\/\/ac.upt.ro\/"},{"@type":"ListItem","position":2,"name":"Evenimente","item":"https:\/\/ac.upt.ro\/evenimente\/"},{"@type":"ListItem","position":3,"name":"Zilele Carierei, edi\u021bia a XXVII-a"}]},{"@type":"WebSite","@id":"https:\/\/ac.upt.ro\/#website","url":"https:\/\/ac.upt.ro\/","name":"Facultatea de Automatic\u0103 \u0219i Calculatoare - Timi\u0219oara","description":"Preg\u0103tirea inginerilor IT cu \u00eenalt\u0103 calificare, cu cuno\u0219tin\u021be \u0219i abilit\u0103\u021bi de automatic\u0103, software \u0219i hardware.","publisher":{"@id":"https:\/\/ac.upt.ro\/#organization"},"potentialAction":[{"@type":"SearchAction","target":{"@type":"EntryPoint","urlTemplate":"https:\/\/ac.upt.ro\/?s={search_term_string}"},"query-input":{"@type":"PropertyValueSpecification","valueRequired":true,"valueName":"search_term_string"}}],"inLanguage":"en-GB"},{"@type":"Organization","@id":"https:\/\/ac.upt.ro\/#organization","name":"Facultatea de Automatic\u0103 \u0219i Calculatoare","url":"https:\/\/ac.upt.ro\/","logo":{"@type":"ImageObject","inLanguage":"en-GB","@id":"https:\/\/ac.upt.ro\/#\/schema\/logo\/image\/","url":"https:\/\/ac.upt.ro\/wp-content\/uploads\/2021\/02\/AC-Text.png","contentUrl":"https:\/\/ac.upt.ro\/wp-content\/uploads\/2021\/02\/AC-Text.png","width":400,"height":98,"caption":"Facultatea de Automatic\u0103 \u0219i Calculatoare"},"image":{"@id":"https:\/\/ac.upt.ro\/#\/schema\/logo\/image\/"}}]}},"_links":{"self":[{"href":"https:\/\/ac.upt.ro\/en\/wp-json\/wp\/v2\/ac-evenimente\/7833","targetHints":{"allow":["GET"]}}],"collection":[{"href":"https:\/\/ac.upt.ro\/en\/wp-json\/wp\/v2\/ac-evenimente"}],"about":[{"href":"https:\/\/ac.upt.ro\/en\/wp-json\/wp\/v2\/types\/ac-evenimente"}],"wp:attachment":[{"href":"https:\/\/ac.upt.ro\/en\/wp-json\/wp\/v2\/media?parent=7833"}],"curies":[{"name":"wp","href":"https:\/\/api.w.org\/{rel}","templated":true}]}}